{"id":102,"date":"2020-06-02T11:51:31","date_gmt":"2020-06-02T09:51:31","guid":{"rendered":"http:\/\/grundschule-badsoden.de\/?page_id=102"},"modified":"2020-10-08T15:12:08","modified_gmt":"2020-10-08T13:12:08","slug":"uebergang","status":"publish","type":"page","link":"https:\/\/grundschule-badsoden.de\/index.php\/uebergang\/","title":{"rendered":"\u00dcbergang"},"content":{"rendered":"\n<h3 class=\"wp-block-heading\">Zeitplan und Informationen f\u00fcr den \u00dcbergang auf die weiterf\u00fchrenden Schulen<\/h3>\n\n\n\n<p>Die Sch\u00fclerinnen und Sch\u00fcler der Grundschule an der Salz haben am Ende der Jahrgangsstufe 4 die M\u00f6glichkeit, auf folgende Schulformen zu wechseln:<\/p>\n\n\n\n<ul class=\"wp-block-list\"><li>Integrierte Gesamtschule (IGS) \/ Henry-Harnischfeger-Schule in Salm\u00fcnster<\/li><li>Additive Gesamtschule \/ Friedrich-August-Genth-Schule in W\u00e4chtersbach<\/li><li>F\u00f6rderstufe \/ Br\u00fcder-Grimm-Schule in Steinau<\/li><li>Gymnasium \/ Ulrich-von-Hutten-Gymnasium in Schl\u00fcchtern<\/li><\/ul>\n\n\n\n<p>Bei allen Schulformen muss eine Empfehlung f\u00fcr den weiterf\u00fchrenden Bildungsgang ausgesprochen werden. Bei dieser Empfehlung soll einflie\u00dfen:<\/p>\n\n\n\n<figure class=\"wp-block-table\"><table><tbody><tr><td><strong>Gymnasium<\/strong><\/td><\/tr><tr><td>Hat die Sch\u00fclerin\/der Sch\u00fcler in den Hauptf\u00e4chern einen Notendurchschnitt bis 2 wird die Empfehlung in das Gymnasium ausgesprochen.<\/td><td>Bei einem Notendurchschnitt bis 2,3 sollen weitere Kriterien f\u00fcr die Empfehlung in das Gymnasium hinzugezogen werden; z. B.: Arbeitsverhalten, Nebenf\u00e4cher.<\/td><\/tr><tr><td><strong>Realschule<\/strong><\/td><\/tr><tr><td>Hat die Sch\u00fclerin\/der Sch\u00fcler in den Hauptf\u00e4chern einen Notendurchschnitt bis 3 wird die Empfehlung in die Realschule ausgesprochen.<\/td><td>Bei einem Notendurchschnitt bis 3,3 sollen weitere Kriterien f\u00fcr die Empfehlung in die Realschule hinzugezogen werden; z. B.: Arbeitsverhalten, Nebenf\u00e4cher.<\/td><\/tr><tr><td><strong>Hauptschule<\/strong><\/td><\/tr><tr><td>Hat die Sch\u00fclerin\/der Sch\u00fcler in den Hauptf\u00e4chern einen Notendurchschnitt schlechter als 3 wird die Empfehlung in die Hauptschule ausgesprochen.<\/td><td>&nbsp;<\/td><\/tr><\/tbody><\/table><\/figure>\n\n\n\n<h3 class=\"wp-block-heading\">Wahl des weiterf\u00fchrenden Bildungsganges nach der Grundschule<\/h3>\n\n\n\n<figure class=\"wp-block-table\"><table><tbody><tr><td>Innerhalb des ersten Halbjahrs <br>(im Dezember)<\/td><td><br><strong>Elternabend<\/strong><br>Eine Informationsveranstaltung, bei der&nbsp;\u00fcber die im Bereich des Schultr\u00e4gers&nbsp;<strong>vorhandenen Bildungsangebote<\/strong>  informiert wird. Diese Informationsveranstaltung findet an der Henry-Harnischfeger-Schule in Salm\u00fcnster statt.<br><\/td><\/tr><tr><td>Zeugnis-konferenz <br>1. Halbjahr<\/td><td><br>Abstimmung im Kollegium (Klassenkonferenzbeschluss) \u00fcber die\u00a0<strong>Empfehlung<\/strong>\u00a0f\u00fcr den geeigneten  Bildungsgang der Sch\u00fcler (Formular der Schule).<br><\/td><\/tr><tr><td>Mitte bis Ende Februar<\/td><td><br><strong>Einzelberatung<\/strong>&nbsp;der Eltern durch den Klassenlehrer. <br><\/td><\/tr><tr><td>M\u00f6glichst bis zum 1. M\u00e4rz<\/td><td><br>Wahl&nbsp;<strong>des weiterf\u00fchrenden Bildungsganges<\/strong> durch die Eltern in Form eines schriftlichen Antrages (Formulare erhalten die Eltern von der Schule beim Beratungsgespr\u00e4ch) an den Klassenlehrer.<br>Angabe der gew\u00fcnschten Schule und eines Ersatzwunsches.<br><\/td><\/tr><tr><td>M\u00f6glichst bis Mitte M\u00e4rz<\/td><td><br><strong>Elternwunsch<\/strong>&nbsp;entspricht der&nbsp;<strong>Empfehlung<\/strong>:<br>Weiterleitung des Antrags durch die Schule an die gew\u00fcnschte Schule.<br><br><strong>Elternwunsch<\/strong>&nbsp;entspricht nicht der&nbsp;<strong>Empfehlung<\/strong>:<br>Erneutes Beratungsangebot an die Eltern durch den Klassenlehrer.<br>Eltern entscheiden \u00fcber den weiterf\u00fchrenden Bildungsgang ihres Kindes.<br>Weiterleitung des Antrags durch die Schule an die gew\u00fcnschte Schule.<br><\/td><\/tr><\/tbody><\/table><\/figure>\n","protected":false},"excerpt":{"rendered":"<p>Zeitplan und Informationen f\u00fcr den \u00dcbergang auf die weiterf\u00fchrenden Schulen Die Sch\u00fclerinnen und Sch\u00fcler der Grundschule an der Salz haben am Ende der Jahrgangsstufe 4 die M\u00f6glichkeit, auf folgende Schulformen [&hellip;]<\/p>\n","protected":false},"author":1,"featured_media":0,"parent":0,"menu_order":0,"comment_status":"closed","ping_status":"closed","template":"","meta":{"footnotes":""},"class_list":["post-102","page","type-page","status-publish","hentry"],"_links":{"self":[{"href":"https:\/\/grundschule-badsoden.de\/index.php\/wp-json\/wp\/v2\/pages\/102","targetHints":{"allow":["GET"]}}],"collection":[{"href":"https:\/\/grundschule-badsoden.de\/index.php\/wp-json\/wp\/v2\/pages"}],"about":[{"href":"https:\/\/grundschule-badsoden.de\/index.php\/wp-json\/wp\/v2\/types\/page"}],"author":[{"embeddable":true,"href":"https:\/\/grundschule-badsoden.de\/index.php\/wp-json\/wp\/v2\/users\/1"}],"replies":[{"embeddable":true,"href":"https:\/\/grundschule-badsoden.de\/index.php\/wp-json\/wp\/v2\/comments?post=102"}],"version-history":[{"count":0,"href":"https:\/\/grundschule-badsoden.de\/index.php\/wp-json\/wp\/v2\/pages\/102\/revisions"}],"wp:attachment":[{"href":"https:\/\/grundschule-badsoden.de\/index.php\/wp-json\/wp\/v2\/media?parent=102"}],"curies":[{"name":"wp","href":"https:\/\/api.w.org\/{rel}","templated":true}]}}