{"id":2445,"date":"2022-12-29T11:31:26","date_gmt":"2022-12-29T10:31:26","guid":{"rendered":"https:\/\/grundschule-badsoden.de\/?page_id=2445"},"modified":"2023-01-12T14:38:25","modified_gmt":"2023-01-12T13:38:25","slug":"adventsbasar-2022","status":"publish","type":"page","link":"https:\/\/grundschule-badsoden.de\/index.php\/adventsbasar-2022\/","title":{"rendered":"Adventsbasar 2022"},"content":{"rendered":"\n<p>Die Er\u00f6ffnung des Adventsbasares durch Frau Sch\u00e4fer fand auf dem Schulhof statt, anschlie\u00dfend sangen die Jahrg\u00e4nge 1 und 2 Weihnachtslieder: &#8222;In der Weihnachtsb\u00e4ckerei&#8220; und &#8222;Wei\u00dftde, was die Fr\u00f6sche am Weihnachtsabend machen&#8220;. Es konnten im Schulgeb\u00e4ude weihnachtliche Bastelarbeiten der Kinder erworben werden. Gem\u00fctliches Beisammensein bei Kaffee und Kuchen (durch den Elternbeirat organisiert) und\/ oder W\u00fcrstchen (durch den F\u00f6rderverein) rundeten das Fest ab. Erstmals fand auch wieder Gl\u00fchweinverkauf statt. <\/p>\n\n\n\n<p>Beim Adventsbasar 2022 spielte die Theater-AG das Theaterst\u00fcck \u201eKrach im Himmel\u201c.<\/p>\n\n\n\n<p>Handlung: Die Kinder auf der Erde freuen sich auf das Weihnachtsfest, aber im Himmel bei den Engeln, die die Geschenke packen m\u00fcssen, gibt es Krach mit den Windjungen. Die Himmelswache muss sogar eingreifen. Ob es wohl in diesem Jahr Geschenke geben kann. Aber eigentlich sind die ja nicht das Wichtigste, sondern der Frieden, symbolisiert mit dem Lied &#8222;Kleine, wei\u00dfe Friedenstaube.&#8220;<\/p>\n\n\n\n<div id=\"grid-gallery-41-43713\" data-gg-id=\"41\" data-title=\"Adventsbasar 2022\" data-grid-type=\"0\" data-offset=\"5.3\" data-area-position=\"center\" data-icons=\"\" data-preloader=\"true\" data-width=\"250\" data-height=\"250\" data-padding=\"0\" data-quicksand=\"disabled\" data-quicksand-duration=\"none\" data-popup-theme=\"theme_6\" data-popup-type=\"pretty-photo\" data-popup-image-text=\"data-description\" data-popup-widthsize=\"auto\" data-popup-heightsize=\"auto\" data-popup-i18n-words=\"{&quot;close&quot;:&quot;schlie\\u00dfen&quot;,&quot;next&quot;:&quot;n\\u00e4chste&quot;,&quot;previous&quot;:&quot;vorherige&quot;,&quot;start_slideshow&quot;:&quot;Starte Slideshow&quot;,&quot;stop_slideshow&quot;:&quot;Stoppe Slideshow&quot;,&quot;image&quot;:&quot;Bild&quot;,&quot;of&quot;:&quot;von&quot;,&quot;prev&quot;:&quot;vorherige&quot;,&quot;cExpand&quot;:&quot;Erweitere&quot;,&quot;cPrevious&quot;:&quot;Vorheriges&quot;,&quot;cNext&quot;:&quot;N\\u00e4chstes&quot;,&quot;cExpandStr&quot;:&quot;Erweitere Bild&quot;,&quot;cRotate&quot;:&quot;Rotate&quot;,&quot;cDetails&quot;:&quot;Details&quot;}\" data-popup-slideshow=\"false\" data-popup-slideshow-speed=\"2500\" data-popup-hoverstop=\"true\" data-popup-slideshow-auto=\"false\" data-popup-background=\"\" data-popup-transparency=\"30\" data-popup-disable-history=\"\" data-popup-disable-changed-url=\"\" data-popup-border-type=\"solid\" data-popup-border-color=\"\" data-popup-border-width=\"\" data-popup-border-enable=\"\" data-fullscreen=\"false\" data-hide-tooltip=\"false\" data-caption-font-family=\"Default\" data-caption-text-size=\"140\" data-is-mobile=\"0\" data-caption-mobile=\"false\" data-hide-long-tltp-title=\"0\" data-caption-disabled-on-mobile=\"false\" data-popup-placement-type=\"0\" data-social-sharing=\"{&quot;enabled&quot;:&quot;&quot;,&quot;gallerySharing&quot;:{&quot;enabled&quot;:null,&quot;position&quot;:null},&quot;imageSharing&quot;:{&quot;enabled&quot;:null,&quot;wrapperClass&quot;:&quot; vertical &quot;},&quot;popupSharing&quot;:{&quot;enabled&quot;:null,&quot;wrapperClass&quot;:&quot; vertical &quot;}}\" class=\"grid-gallery grid-gallery-fixed \" style=\" width:100%; height:auto; margin-left:auto; margin-right:auto;position:relative;\"> <div class=\"gallery-loading\"> <div class=\"blocks\"> <div class=\"block\"><\/div> <div class=\"block\"><\/div> <div class=\"block\"><\/div> <div class=\"block\"><\/div> <\/div> <\/div> <div class=\"gallery-sharing-top\" style=\"display:none;\"> <\/div> <div id=\"photos-41\" class=\"grid-gallery-photos\"><FIGURE class=\"grid-gallery-caption\" data-grid-gallery-type=\"quarter-slide-up\" data-index=\"0\" style=\"display:none;border-radius:00;; margin:5.3px; width:2500;\" ><div class=\"crop\" style=\" width:2500; height:2500; overflow:hidden;\"><img decoding=\"async\" src=\"https:\/\/grundschule-badsoden.de\/wp-content\/uploads\/2022\/12\/advent1-scaled-250x250.jpg\" class=\"ggImg\" alt=\"advent1\" title=\"Bastelarbeiten zum Verkauf\" data-description=\"Bastelarbeiten zum Verkauf\" data-caption=\"Bastelarbeiten zum Verkauf\" data-title=\"advent1\" style=\" width:250px; height:250px;\" \/><\/div><FIGCAPTION class=\"\" data-alpha=\"5\" style=\"color:#ffffff; background-color:#6f0000; font-size:140; text-align:left; font-family:Default;\" ><div class=\"grid-gallery-figcaption-wrap\" style=\"\"><\/div><\/FIGCAPTION><\/FIGURE><FIGURE class=\"grid-gallery-caption\" data-grid-gallery-type=\"quarter-slide-up\" data-index=\"1\" style=\"display:none;border-radius:00;; margin:5.3px; width:2500;\" ><div class=\"crop\" style=\" width:2500; height:2500; overflow:hidden;\"><img decoding=\"async\" src=\"https:\/\/grundschule-badsoden.de\/wp-content\/uploads\/2022\/12\/advent2-scaled-250x250.jpg\" class=\"ggImg\" alt=\"advent2\" title=\"Bastelarbeiten zum Verkauf\" data-description=\"Bastelarbeiten zum Verkauf\" data-caption=\"Bastelarbeiten zum Verkauf\" data-title=\"advent2\" style=\" width:250px; height:250px;\" \/><\/div><FIGCAPTION class=\"\" data-alpha=\"5\" style=\"color:#ffffff; background-color:#6f0000; font-size:140; text-align:left; font-family:Default;\" ><div class=\"grid-gallery-figcaption-wrap\" style=\"\"><\/div><\/FIGCAPTION><\/FIGURE><FIGURE class=\"grid-gallery-caption\" data-grid-gallery-type=\"quarter-slide-up\" data-index=\"2\" style=\"display:none;border-radius:00;; margin:5.3px; width:2500;\" ><div class=\"crop\" style=\" width:2500; height:2500; overflow:hidden;\"><img decoding=\"async\" src=\"https:\/\/grundschule-badsoden.de\/wp-content\/uploads\/2022\/12\/advent3-scaled-250x250.jpg\" class=\"ggImg\" alt=\"advent3\" title=\"Bastelarbeiten zum Verkauf\" data-description=\"Bastelarbeiten zum Verkauf\" data-caption=\"Bastelarbeiten zum Verkauf\" data-title=\"advent3\" style=\" width:250px; height:250px;\" \/><\/div><FIGCAPTION class=\"\" data-alpha=\"5\" style=\"color:#ffffff; background-color:#6f0000; font-size:140; text-align:left; font-family:Default;\" ><div class=\"grid-gallery-figcaption-wrap\" style=\"\"><\/div><\/FIGCAPTION><\/FIGURE><FIGURE class=\"grid-gallery-caption\" data-grid-gallery-type=\"quarter-slide-up\" data-index=\"3\" style=\"display:none;border-radius:00;; margin:5.3px; width:2500;\" ><div class=\"crop\" style=\" width:2500; height:2500; overflow:hidden;\"><img decoding=\"async\" src=\"https:\/\/grundschule-badsoden.de\/wp-content\/uploads\/2022\/12\/advent4-scaled-250x250.jpg\" class=\"ggImg\" alt=\"advent4\" title=\"Bastelarbeiten zum Verkauf\" data-description=\"Bastelarbeiten zum Verkauf\" data-caption=\"Bastelarbeiten zum Verkauf\" data-title=\"advent4\" style=\" width:250px; height:250px;\" \/><\/div><FIGCAPTION class=\"\" data-alpha=\"5\" style=\"color:#ffffff; background-color:#6f0000; font-size:140; text-align:left; font-family:Default;\" ><div class=\"grid-gallery-figcaption-wrap\" style=\"\"><\/div><\/FIGCAPTION><\/FIGURE><FIGURE class=\"grid-gallery-caption\" data-grid-gallery-type=\"quarter-slide-up\" data-index=\"4\" style=\"display:none;border-radius:00;; margin:5.3px; width:2500;\" ><div class=\"crop\" style=\" width:2500; height:2500; overflow:hidden;\"><img decoding=\"async\" src=\"https:\/\/grundschule-badsoden.de\/wp-content\/uploads\/2022\/12\/advent5-scaled-250x250.jpg\" class=\"ggImg\" alt=\"advent5\" title=\"Das Cafe\" data-description=\"Das Cafe\" data-caption=\"Das Cafe\" data-title=\"advent5\" style=\" width:250px; height:250px;\" \/><\/div><FIGCAPTION class=\"\" data-alpha=\"5\" style=\"color:#ffffff; background-color:#6f0000; font-size:140; text-align:left; font-family:Default;\" ><div class=\"grid-gallery-figcaption-wrap\" style=\"\"><\/div><\/FIGCAPTION><\/FIGURE><FIGURE class=\"grid-gallery-caption\" data-grid-gallery-type=\"quarter-slide-up\" data-index=\"5\" style=\"display:none;border-radius:00;; margin:5.3px; width:2500;\" ><div class=\"crop\" style=\" width:2500; height:2500; overflow:hidden;\"><img decoding=\"async\" src=\"https:\/\/grundschule-badsoden.de\/wp-content\/uploads\/2022\/12\/advent6-scaled-250x250.jpg\" class=\"ggImg\" alt=\"advent6\" title=\"Der Tombolaraum\" data-description=\"Der Tombolaraum\" data-caption=\"Der Tombolaraum\" data-title=\"advent6\" style=\" width:250px; height:250px;\" \/><\/div><FIGCAPTION class=\"\" data-alpha=\"5\" style=\"color:#ffffff; background-color:#6f0000; font-size:140; text-align:left; font-family:Default;\" ><div class=\"grid-gallery-figcaption-wrap\" style=\"\"><\/div><\/FIGCAPTION><\/FIGURE><FIGURE class=\"grid-gallery-caption\" data-grid-gallery-type=\"quarter-slide-up\" data-index=\"6\" style=\"display:none;border-radius:00;; margin:5.3px; width:2500;\" ><div class=\"crop\" style=\" width:2500; height:2500; overflow:hidden;\"><img decoding=\"async\" src=\"https:\/\/grundschule-badsoden.de\/wp-content\/uploads\/2022\/12\/advent7-scaled-250x250.jpg\" class=\"ggImg\" alt=\"advent7\" title=\"Bratwurstverkauf vom F\u00f6rderverein\" data-description=\"Bratwurstverkauf vom F\u00f6rderverein\" data-caption=\"Bratwurstverkauf vom F\u00f6rderverein\" data-title=\"advent7\" style=\" width:250px; height:250px;\" \/><\/div><FIGCAPTION class=\"\" data-alpha=\"5\" style=\"color:#ffffff; background-color:#6f0000; font-size:140; text-align:left; font-family:Default;\" ><div class=\"grid-gallery-figcaption-wrap\" style=\"\"><\/div><\/FIGCAPTION><\/FIGURE><FIGURE class=\"grid-gallery-caption\" data-grid-gallery-type=\"quarter-slide-up\" data-index=\"7\" style=\"display:none;border-radius:00;; margin:5.3px; width:2500;\" ><div class=\"crop\" style=\" width:2500; height:2500; overflow:hidden;\"><img decoding=\"async\" src=\"https:\/\/grundschule-badsoden.de\/wp-content\/uploads\/2022\/12\/advent8-scaled-250x250.jpg\" class=\"ggImg\" alt=\"advent8\" title=\"Bratwurstverkauf vom F\u00f6rderverein\" data-description=\"Bratwurstverkauf vom F\u00f6rderverein\" data-caption=\"Bratwurstverkauf vom F\u00f6rderverein\" data-title=\"advent8\" style=\" width:250px; height:250px;\" \/><\/div><FIGCAPTION class=\"\" data-alpha=\"5\" style=\"color:#ffffff; background-color:#6f0000; font-size:140; text-align:left; font-family:Default;\" ><div class=\"grid-gallery-figcaption-wrap\" style=\"\"><\/div><\/FIGCAPTION><\/FIGURE><FIGURE class=\"grid-gallery-caption\" data-grid-gallery-type=\"quarter-slide-up\" data-index=\"8\" style=\"display:none;border-radius:00;; margin:5.3px; width:2500;\" ><div class=\"crop\" style=\" width:2500; height:2500; overflow:hidden;\"><img decoding=\"async\" src=\"https:\/\/grundschule-badsoden.de\/wp-content\/uploads\/2022\/12\/advent12-scaled-250x250.jpg\" class=\"ggImg\" alt=\"advent12\" title=\"Kuchenverkauf\" data-description=\"Kuchenverkauf\" data-caption=\"Kuchenverkauf\" data-title=\"advent12\" style=\" width:250px; height:250px;\" \/><\/div><FIGCAPTION class=\"\" data-alpha=\"5\" style=\"color:#ffffff; background-color:#6f0000; font-size:140; text-align:left; font-family:Default;\" ><div class=\"grid-gallery-figcaption-wrap\" style=\"\"><\/div><\/FIGCAPTION><\/FIGURE><FIGURE class=\"grid-gallery-caption\" data-grid-gallery-type=\"quarter-slide-up\" data-index=\"9\" style=\"display:none;border-radius:00;; margin:5.3px; width:2500;\" ><div class=\"crop\" style=\" width:2500; height:2500; overflow:hidden;\"><img decoding=\"async\" src=\"https:\/\/grundschule-badsoden.de\/wp-content\/uploads\/2022\/12\/advent9-scaled-250x250.jpg\" class=\"ggImg\" alt=\"advent9\" title=\"Frau Sch\u00e4fer begr\u00fc\u00dft die Schulgemeinde\" data-description=\"Frau Sch\u00e4fer begr\u00fc\u00dft die Schulgemeinde\" data-caption=\"Frau Sch\u00e4fer begr\u00fc\u00dft die Schulgemeinde\" data-title=\"advent9\" style=\" width:250px; height:250px;\" \/><\/div><FIGCAPTION class=\"\" data-alpha=\"5\" style=\"color:#ffffff; background-color:#6f0000; font-size:140; text-align:left; font-family:Default;\" ><div class=\"grid-gallery-figcaption-wrap\" style=\"\"><\/div><\/FIGCAPTION><\/FIGURE><FIGURE class=\"grid-gallery-caption\" data-grid-gallery-type=\"quarter-slide-up\" data-index=\"10\" style=\"display:none;border-radius:00;; margin:5.3px; width:2500;\" ><div class=\"crop\" style=\" width:2500; height:2500; overflow:hidden;\"><img decoding=\"async\" src=\"https:\/\/grundschule-badsoden.de\/wp-content\/uploads\/2022\/12\/advent13-scaled-250x250.jpg\" class=\"ggImg\" alt=\"advent13\" title=\"Die ersten Klassen singen\" data-description=\"Die ersten Klassen singen\" data-caption=\"Die ersten Klassen singen\" data-title=\"advent13\" style=\" width:250px; height:250px;\" \/><\/div><FIGCAPTION class=\"\" data-alpha=\"5\" style=\"color:#ffffff; background-color:#6f0000; font-size:140; text-align:left; font-family:Default;\" ><div class=\"grid-gallery-figcaption-wrap\" style=\"\"><\/div><\/FIGCAPTION><\/FIGURE><FIGURE class=\"grid-gallery-caption\" data-grid-gallery-type=\"quarter-slide-up\" data-index=\"11\" style=\"display:none;border-radius:00;; margin:5.3px; width:2500;\" ><div class=\"crop\" style=\" width:2500; height:2500; overflow:hidden;\"><img decoding=\"async\" src=\"https:\/\/grundschule-badsoden.de\/wp-content\/uploads\/2022\/12\/advent14-scaled-250x250.jpg\" class=\"ggImg\" alt=\"advent14\" title=\"Die zweiten Klassen singen:\" data-description=\"Die zweiten Klassen singen:\" data-caption=\"Die zweiten Klassen singen:\" data-title=\"advent14\" style=\" width:250px; height:250px;\" \/><\/div><FIGCAPTION class=\"\" data-alpha=\"5\" style=\"color:#ffffff; background-color:#6f0000; font-size:140; text-align:left; font-family:Default;\" ><div class=\"grid-gallery-figcaption-wrap\" style=\"\"><\/div><\/FIGCAPTION><\/FIGURE><FIGURE class=\"grid-gallery-caption\" data-grid-gallery-type=\"quarter-slide-up\" data-index=\"12\" style=\"display:none;border-radius:00;; margin:5.3px; width:2500;\" ><div class=\"crop\" style=\" width:2500; height:2500; overflow:hidden;\"><img decoding=\"async\" src=\"https:\/\/grundschule-badsoden.de\/wp-content\/uploads\/2022\/12\/advent15-scaled-250x250.jpg\" class=\"ggImg\" alt=\"advent15\" title=\"Wei\u00dft du, was die Fr\u00f6sche am Weihnachtsabend machen?\" data-description=\"Wei\u00dft du, was die Fr\u00f6sche am Weihnachtsabend machen?\" data-caption=\"Wei\u00dft du, was die Fr\u00f6sche am Weihnachtsabend machen?\" data-title=\"advent15\" style=\" width:250px; height:250px;\" \/><\/div><FIGCAPTION class=\"\" data-alpha=\"5\" style=\"color:#ffffff; background-color:#6f0000; font-size:140; text-align:left; font-family:Default;\" ><div class=\"grid-gallery-figcaption-wrap\" style=\"\"><\/div><\/FIGCAPTION><\/FIGURE><FIGURE class=\"grid-gallery-caption\" data-grid-gallery-type=\"quarter-slide-up\" data-index=\"13\" style=\"display:none;border-radius:00;; margin:5.3px; width:2500;\" ><div class=\"crop\" style=\" width:2500; height:2500; overflow:hidden;\"><img decoding=\"async\" src=\"https:\/\/grundschule-badsoden.de\/wp-content\/uploads\/2022\/12\/advent16-scaled-250x250.jpg\" class=\"ggImg\" alt=\"advent16\" title=\"Frau Sch\u00e4fer\" data-description=\"Frau Sch\u00e4fer\" data-caption=\"Frau Sch\u00e4fer\" data-title=\"advent16\" style=\" width:250px; height:250px;\" \/><\/div><FIGCAPTION class=\"\" data-alpha=\"5\" style=\"color:#ffffff; background-color:#6f0000; font-size:140; text-align:left; font-family:Default;\" ><div class=\"grid-gallery-figcaption-wrap\" style=\"\"><\/div><\/FIGCAPTION><\/FIGURE><FIGURE class=\"grid-gallery-caption\" data-grid-gallery-type=\"quarter-slide-up\" data-index=\"14\" style=\"display:none;border-radius:00;; margin:5.3px; width:2500;\" ><div class=\"crop\" style=\" width:2500; height:2500; overflow:hidden;\"><img decoding=\"async\" src=\"https:\/\/grundschule-badsoden.de\/wp-content\/uploads\/2022\/12\/advent17-scaled-250x250.jpg\" class=\"ggImg\" alt=\"advent17\" title=\"Der Verkauf startet\" data-description=\"Der Verkauf startet\" data-caption=\"Der Verkauf startet\" data-title=\"advent17\" style=\" width:250px; height:250px;\" \/><\/div><FIGCAPTION class=\"\" data-alpha=\"5\" style=\"color:#ffffff; background-color:#6f0000; font-size:140; text-align:left; font-family:Default;\" ><div class=\"grid-gallery-figcaption-wrap\" style=\"\"><\/div><\/FIGCAPTION><\/FIGURE><FIGURE class=\"grid-gallery-caption\" data-grid-gallery-type=\"quarter-slide-up\" data-index=\"15\" style=\"display:none;border-radius:00;; margin:5.3px; width:2500;\" ><div class=\"crop\" style=\" width:2500; height:2500; overflow:hidden;\"><img decoding=\"async\" src=\"https:\/\/grundschule-badsoden.de\/wp-content\/uploads\/2022\/12\/advent18-scaled-250x250.jpg\" class=\"ggImg\" alt=\"advent18\" title=\"Gl\u00fchwein-und Punschverkauf\" data-description=\"Gl\u00fchwein-und Punschverkauf\" data-caption=\"Gl\u00fchwein-und Punschverkauf\" data-title=\"advent18\" style=\" width:250px; height:250px;\" \/><\/div><FIGCAPTION class=\"\" data-alpha=\"5\" style=\"color:#ffffff; background-color:#6f0000; font-size:140; text-align:left; font-family:Default;\" ><div class=\"grid-gallery-figcaption-wrap\" style=\"\"><\/div><\/FIGCAPTION><\/FIGURE><FIGURE class=\"grid-gallery-caption\" data-grid-gallery-type=\"quarter-slide-up\" data-index=\"16\" style=\"display:none;border-radius:00;; margin:5.3px; width:2500;\" ><div class=\"crop\" style=\" width:2500; height:2500; overflow:hidden;\"><img decoding=\"async\" src=\"https:\/\/grundschule-badsoden.de\/wp-content\/uploads\/2022\/12\/theater1-250x250.jpg\" class=\"ggImg\" alt=\"theater1\" title=\"Das Theater &quot;Krach im Himmel&quot;, Ansage\" data-description=\"Das Theater &quot;Krach im Himmel&quot;, Ansage\" data-caption=\"Das Theater &quot;Krach im Himmel&quot;, Ansage\" data-title=\"theater1\" style=\" width:250px; height:250px;\" \/><\/div><FIGCAPTION class=\"\" data-alpha=\"5\" style=\"color:#ffffff; background-color:#6f0000; font-size:140; text-align:left; font-family:Default;\" ><div class=\"grid-gallery-figcaption-wrap\" style=\"\"><\/div><\/FIGCAPTION><\/FIGURE><FIGURE class=\"grid-gallery-caption\" data-grid-gallery-type=\"quarter-slide-up\" data-index=\"17\" style=\"display:none;border-radius:00;; margin:5.3px; width:2500;\" ><div class=\"crop\" style=\" width:2500; height:2500; overflow:hidden;\"><img decoding=\"async\" src=\"https:\/\/grundschule-badsoden.de\/wp-content\/uploads\/2022\/12\/theater2-250x250.jpg\" class=\"ggImg\" alt=\"theater2\" title=\"Die Theater-AG\" data-description=\"Die Theater-AG\" data-caption=\"Die Theater-AG\" data-title=\"theater2\" style=\" width:250px; height:250px;\" \/><\/div><FIGCAPTION class=\"\" data-alpha=\"5\" style=\"color:#ffffff; background-color:#6f0000; font-size:140; text-align:left; font-family:Default;\" ><div class=\"grid-gallery-figcaption-wrap\" style=\"\"><\/div><\/FIGCAPTION><\/FIGURE><FIGURE class=\"grid-gallery-caption\" data-grid-gallery-type=\"quarter-slide-up\" data-index=\"18\" style=\"display:none;border-radius:00;; margin:5.3px; width:2500;\" ><div class=\"crop\" style=\" width:2500; height:2500; overflow:hidden;\"><img decoding=\"async\" src=\"https:\/\/grundschule-badsoden.de\/wp-content\/uploads\/2022\/12\/theater3-250x250.jpg\" class=\"ggImg\" alt=\"theater3\" title=\"Kinder in der Stadt\" data-description=\"Kinder in der Stadt\" data-caption=\"Kinder in der Stadt\" data-title=\"theater3\" style=\" width:250px; height:250px;\" \/><\/div><FIGCAPTION class=\"\" data-alpha=\"5\" style=\"color:#ffffff; background-color:#6f0000; font-size:140; text-align:left; font-family:Default;\" ><div class=\"grid-gallery-figcaption-wrap\" style=\"\"><\/div><\/FIGCAPTION><\/FIGURE><FIGURE class=\"grid-gallery-caption\" data-grid-gallery-type=\"quarter-slide-up\" data-index=\"19\" style=\"display:none;border-radius:00;; margin:5.3px; width:2500;\" ><div class=\"crop\" style=\" width:2500; height:2500; overflow:hidden;\"><img decoding=\"async\" src=\"https:\/\/grundschule-badsoden.de\/wp-content\/uploads\/2022\/12\/theater4-250x250.jpg\" class=\"ggImg\" alt=\"theater4\" title=\"Mats spielt Ukulele\" data-description=\"Mats spielt Ukulele\" data-caption=\"Mats spielt Ukulele\" data-title=\"theater4\" style=\" width:250px; height:250px;\" \/><\/div><FIGCAPTION class=\"\" data-alpha=\"5\" style=\"color:#ffffff; background-color:#6f0000; font-size:140; text-align:left; font-family:Default;\" ><div class=\"grid-gallery-figcaption-wrap\" style=\"\"><\/div><\/FIGCAPTION><\/FIGURE><FIGURE class=\"grid-gallery-caption\" data-grid-gallery-type=\"quarter-slide-up\" data-index=\"20\" style=\"display:none;border-radius:00;; margin:5.3px; width:2500;\" ><div class=\"crop\" style=\" width:2500; height:2500; overflow:hidden;\"><img decoding=\"async\" src=\"https:\/\/grundschule-badsoden.de\/wp-content\/uploads\/2022\/12\/theater5-250x250.jpg\" class=\"ggImg\" alt=\"theater5\" title=\"Die Engel arbeiten\" data-description=\"Die Engel arbeiten\" data-caption=\"Die Engel arbeiten\" data-title=\"theater5\" style=\" width:250px; height:250px;\" \/><\/div><FIGCAPTION class=\"\" data-alpha=\"5\" style=\"color:#ffffff; background-color:#6f0000; font-size:140; text-align:left; font-family:Default;\" ><div class=\"grid-gallery-figcaption-wrap\" style=\"\"><\/div><\/FIGCAPTION><\/FIGURE><FIGURE class=\"grid-gallery-caption\" data-grid-gallery-type=\"quarter-slide-up\" data-index=\"21\" style=\"display:none;border-radius:00;; margin:5.3px; width:2500;\" ><div class=\"crop\" style=\" width:2500; height:2500; overflow:hidden;\"><img decoding=\"async\" src=\"https:\/\/grundschule-badsoden.de\/wp-content\/uploads\/2022\/12\/theater6-250x250.jpg\" class=\"ggImg\" alt=\"theater6\" title=\"Petrus mahnt zur Eile\" data-description=\"Petrus mahnt zur Eile\" data-caption=\"Petrus mahnt zur Eile\" data-title=\"theater6\" style=\" width:250px; height:250px;\" \/><\/div><FIGCAPTION class=\"\" data-alpha=\"5\" style=\"color:#ffffff; background-color:#6f0000; font-size:140; text-align:left; font-family:Default;\" ><div class=\"grid-gallery-figcaption-wrap\" style=\"\"><\/div><\/FIGCAPTION><\/FIGURE><FIGURE class=\"grid-gallery-caption\" data-grid-gallery-type=\"quarter-slide-up\" data-index=\"22\" style=\"display:none;border-radius:00;; margin:5.3px; width:2500;\" ><div class=\"crop\" style=\" width:2500; height:2500; overflow:hidden;\"><img decoding=\"async\" src=\"https:\/\/grundschule-badsoden.de\/wp-content\/uploads\/2022\/12\/theater7-250x250.jpg\" class=\"ggImg\" alt=\"theater7\" title=\"Die Engel machen Pause\" data-description=\"Die Engel machen Pause\" data-caption=\"Die Engel machen Pause\" data-title=\"theater7\" style=\" width:250px; height:250px;\" \/><\/div><FIGCAPTION class=\"\" data-alpha=\"5\" style=\"color:#ffffff; background-color:#6f0000; font-size:140; text-align:left; font-family:Default;\" ><div class=\"grid-gallery-figcaption-wrap\" style=\"\"><\/div><\/FIGCAPTION><\/FIGURE><FIGURE class=\"grid-gallery-caption\" data-grid-gallery-type=\"quarter-slide-up\" data-index=\"23\" style=\"display:none;border-radius:00;; margin:5.3px; width:2500;\" ><div class=\"crop\" style=\" width:2500; height:2500; overflow:hidden;\"><img decoding=\"async\" src=\"https:\/\/grundschule-badsoden.de\/wp-content\/uploads\/2022\/12\/theater8-250x250.jpg\" class=\"ggImg\" alt=\"theater8\" title=\"Marlen spielt Fl\u00f6te\" data-description=\"Marlen spielt Fl\u00f6te\" data-caption=\"Marlen spielt Fl\u00f6te\" data-title=\"theater8\" style=\" width:250px; height:250px;\" \/><\/div><FIGCAPTION class=\"\" data-alpha=\"5\" style=\"color:#ffffff; background-color:#6f0000; font-size:140; text-align:left; font-family:Default;\" ><div class=\"grid-gallery-figcaption-wrap\" style=\"\"><\/div><\/FIGCAPTION><\/FIGURE><FIGURE class=\"grid-gallery-caption\" data-grid-gallery-type=\"quarter-slide-up\" data-index=\"24\" style=\"display:none;border-radius:00;; margin:5.3px; width:2500;\" ><div class=\"crop\" style=\" width:2500; height:2500; overflow:hidden;\"><img decoding=\"async\" src=\"https:\/\/grundschule-badsoden.de\/wp-content\/uploads\/2022\/12\/theater9-250x250.jpg\" class=\"ggImg\" alt=\"theater9\" title=\"Die Schneeflocken tanzen\" data-description=\"Die Schneeflocken tanzen\" data-caption=\"Die Schneeflocken tanzen\" data-title=\"theater9\" style=\" width:250px; height:250px;\" \/><\/div><FIGCAPTION class=\"\" data-alpha=\"5\" style=\"color:#ffffff; background-color:#6f0000; font-size:140; text-align:left; font-family:Default;\" ><div class=\"grid-gallery-figcaption-wrap\" style=\"\"><\/div><\/FIGCAPTION><\/FIGURE><FIGURE class=\"grid-gallery-caption\" data-grid-gallery-type=\"quarter-slide-up\" data-index=\"25\" style=\"display:none;border-radius:00;; margin:5.3px; width:2500;\" ><div class=\"crop\" style=\" width:2500; height:2500; overflow:hidden;\"><img decoding=\"async\" src=\"https:\/\/grundschule-badsoden.de\/wp-content\/uploads\/2022\/12\/theater10-250x250.jpg\" class=\"ggImg\" alt=\"theater10\" title=\"B\u00fchnendeko\" data-description=\"B\u00fchnendeko\" data-caption=\"B\u00fchnendeko\" data-title=\"theater10\" style=\" width:250px; height:250px;\" \/><\/div><FIGCAPTION class=\"\" data-alpha=\"5\" style=\"color:#ffffff; background-color:#6f0000; font-size:140; text-align:left; font-family:Default;\" ><div class=\"grid-gallery-figcaption-wrap\" style=\"\"><\/div><\/FIGCAPTION><\/FIGURE><FIGURE class=\"grid-gallery-caption\" data-grid-gallery-type=\"quarter-slide-up\" data-index=\"26\" style=\"display:none;border-radius:00;; margin:5.3px; width:2500;\" ><div class=\"crop\" style=\" width:2500; height:2500; overflow:hidden;\"><img decoding=\"async\" src=\"https:\/\/grundschule-badsoden.de\/wp-content\/uploads\/2022\/12\/theater11-250x250.jpg\" class=\"ggImg\" alt=\"theater11\" title=\"Die Windjungen treiben Schabernack\" data-description=\"Die Windjungen treiben Schabernack\" data-caption=\"Die Windjungen treiben Schabernack\" data-title=\"theater11\" style=\" width:250px; height:250px;\" \/><\/div><FIGCAPTION class=\"\" data-alpha=\"5\" style=\"color:#ffffff; background-color:#6f0000; font-size:140; text-align:left; font-family:Default;\" ><div class=\"grid-gallery-figcaption-wrap\" style=\"\"><\/div><\/FIGCAPTION><\/FIGURE><FIGURE class=\"grid-gallery-caption\" data-grid-gallery-type=\"quarter-slide-up\" data-index=\"27\" style=\"display:none;border-radius:00;; margin:5.3px; width:2500;\" ><div class=\"crop\" style=\" width:2500; height:2500; overflow:hidden;\"><img decoding=\"async\" src=\"https:\/\/grundschule-badsoden.de\/wp-content\/uploads\/2022\/12\/theater12-250x250.jpg\" class=\"ggImg\" alt=\"theater12\" title=\"Sie jagen die Engel\" data-description=\"Sie jagen die Engel\" data-caption=\"Sie jagen die Engel\" data-title=\"theater12\" style=\" width:250px; height:250px;\" \/><\/div><FIGCAPTION class=\"\" data-alpha=\"5\" style=\"color:#ffffff; background-color:#6f0000; font-size:140; text-align:left; font-family:Default;\" ><div class=\"grid-gallery-figcaption-wrap\" style=\"\"><\/div><\/FIGCAPTION><\/FIGURE><FIGURE class=\"grid-gallery-caption\" data-grid-gallery-type=\"quarter-slide-up\" data-index=\"28\" style=\"display:none;border-radius:00;; margin:5.3px; width:2500;\" ><div class=\"crop\" style=\" width:2500; height:2500; overflow:hidden;\"><img decoding=\"async\" src=\"https:\/\/grundschule-badsoden.de\/wp-content\/uploads\/2022\/12\/theater13-250x250.jpg\" class=\"ggImg\" alt=\"theater13\" title=\"Und klauen einen Fl\u00fcgel\" data-description=\"Und klauen einen Fl\u00fcgel\" data-caption=\"Und klauen einen Fl\u00fcgel\" data-title=\"theater13\" style=\" width:250px; height:250px;\" \/><\/div><FIGCAPTION class=\"\" data-alpha=\"5\" style=\"color:#ffffff; background-color:#6f0000; font-size:140; text-align:left; font-family:Default;\" ><div class=\"grid-gallery-figcaption-wrap\" style=\"\"><\/div><\/FIGCAPTION><\/FIGURE><FIGURE class=\"grid-gallery-caption\" data-grid-gallery-type=\"quarter-slide-up\" data-index=\"29\" style=\"display:none;border-radius:00;; margin:5.3px; width:2500;\" ><div class=\"crop\" style=\" width:2500; height:2500; overflow:hidden;\"><img decoding=\"async\" src=\"https:\/\/grundschule-badsoden.de\/wp-content\/uploads\/2022\/12\/theater14-250x250.jpg\" class=\"ggImg\" alt=\"theater14\" title=\"Daniela ist ganz traurig, die Himmelswache greift ein\" data-description=\"Daniela ist ganz traurig, die Himmelswache greift ein\" data-caption=\"Daniela ist ganz traurig, die Himmelswache greift ein\" data-title=\"theater14\" style=\" width:250px; height:250px;\" \/><\/div><FIGCAPTION class=\"\" data-alpha=\"5\" style=\"color:#ffffff; background-color:#6f0000; font-size:140; text-align:left; font-family:Default;\" ><div class=\"grid-gallery-figcaption-wrap\" style=\"\"><\/div><\/FIGCAPTION><\/FIGURE><FIGURE class=\"grid-gallery-caption\" data-grid-gallery-type=\"quarter-slide-up\" data-index=\"30\" style=\"display:none;border-radius:00;; margin:5.3px; width:2500;\" ><div class=\"crop\" style=\" width:2500; height:2500; overflow:hidden;\"><img decoding=\"async\" src=\"https:\/\/grundschule-badsoden.de\/wp-content\/uploads\/2022\/12\/theater15-250x250.jpg\" class=\"ggImg\" alt=\"theater15\" title=\"Die Bescherung r\u00fcckt immer n\u00e4her\" data-description=\"Die Bescherung r\u00fcckt immer n\u00e4her\" data-caption=\"Die Bescherung r\u00fcckt immer n\u00e4her\" data-title=\"theater15\" style=\" width:250px; height:250px;\" \/><\/div><FIGCAPTION class=\"\" data-alpha=\"5\" style=\"color:#ffffff; background-color:#6f0000; font-size:140; text-align:left; font-family:Default;\" ><div class=\"grid-gallery-figcaption-wrap\" style=\"\"><\/div><\/FIGCAPTION><\/FIGURE><FIGURE class=\"grid-gallery-caption\" data-grid-gallery-type=\"quarter-slide-up\" data-index=\"31\" style=\"display:none;border-radius:00;; margin:5.3px; width:2500;\" ><div class=\"crop\" style=\" width:2500; height:2500; overflow:hidden;\"><img decoding=\"async\" src=\"https:\/\/grundschule-badsoden.de\/wp-content\/uploads\/2022\/12\/theater16-250x250.jpg\" class=\"ggImg\" alt=\"theater16\" title=\"Die Himmelswache hat die Windjungen gefangen\" data-description=\"Die Himmelswache hat die Windjungen gefangen\" data-caption=\"Die Himmelswache hat die Windjungen gefangen\" data-title=\"theater16\" style=\" width:250px; height:250px;\" \/><\/div><FIGCAPTION class=\"\" data-alpha=\"5\" style=\"color:#ffffff; background-color:#6f0000; font-size:140; text-align:left; font-family:Default;\" ><div class=\"grid-gallery-figcaption-wrap\" style=\"\"><\/div><\/FIGCAPTION><\/FIGURE><FIGURE class=\"grid-gallery-caption\" data-grid-gallery-type=\"quarter-slide-up\" data-index=\"32\" style=\"display:none;border-radius:00;; margin:5.3px; width:2500;\" ><div class=\"crop\" style=\" width:2500; height:2500; overflow:hidden;\"><img decoding=\"async\" src=\"https:\/\/grundschule-badsoden.de\/wp-content\/uploads\/2022\/12\/theater17-250x250.jpg\" class=\"ggImg\" alt=\"theater17\" title=\"Der Fl\u00fcgel...\" data-description=\"Der Fl\u00fcgel...\" data-caption=\"Der Fl\u00fcgel...\" data-title=\"theater17\" style=\" width:250px; height:250px;\" \/><\/div><FIGCAPTION class=\"\" data-alpha=\"5\" style=\"color:#ffffff; background-color:#6f0000; font-size:140; text-align:left; font-family:Default;\" ><div class=\"grid-gallery-figcaption-wrap\" style=\"\"><\/div><\/FIGCAPTION><\/FIGURE><FIGURE class=\"grid-gallery-caption\" data-grid-gallery-type=\"quarter-slide-up\" data-index=\"33\" style=\"display:none;border-radius:00;; margin:5.3px; width:2500;\" ><div class=\"crop\" style=\" width:2500; height:2500; overflow:hidden;\"><img decoding=\"async\" src=\"https:\/\/grundschule-badsoden.de\/wp-content\/uploads\/2022\/12\/theater18-250x250.jpg\" class=\"ggImg\" alt=\"theater18\" title=\"...wird zur\u00fcckgegeben\" data-description=\"...wird zur\u00fcckgegeben\" data-caption=\"...wird zur\u00fcckgegeben\" data-title=\"theater18\" style=\" width:250px; height:250px;\" \/><\/div><FIGCAPTION class=\"\" data-alpha=\"5\" style=\"color:#ffffff; background-color:#6f0000; font-size:140; text-align:left; font-family:Default;\" ><div class=\"grid-gallery-figcaption-wrap\" style=\"\"><\/div><\/FIGCAPTION><\/FIGURE><FIGURE class=\"grid-gallery-caption\" data-grid-gallery-type=\"quarter-slide-up\" data-index=\"34\" style=\"display:none;border-radius:00;; margin:5.3px; width:2500;\" ><div class=\"crop\" style=\" width:2500; height:2500; overflow:hidden;\"><img decoding=\"async\" src=\"https:\/\/grundschule-badsoden.de\/wp-content\/uploads\/2022\/12\/theater19-250x250.jpg\" class=\"ggImg\" alt=\"theater19\" title=\"Das Lied am Schluss:\" data-description=\"Das Lied am Schluss:\" data-caption=\"Das Lied am Schluss:\" data-title=\"theater19\" style=\" width:250px; height:250px;\" \/><\/div><FIGCAPTION class=\"\" data-alpha=\"5\" style=\"color:#ffffff; background-color:#6f0000; font-size:140; text-align:left; font-family:Default;\" ><div class=\"grid-gallery-figcaption-wrap\" style=\"\"><\/div><\/FIGCAPTION><\/FIGURE><FIGURE class=\"grid-gallery-caption\" data-grid-gallery-type=\"quarter-slide-up\" data-index=\"35\" style=\"display:none;border-radius:00;; margin:5.3px; width:2500;\" ><div class=\"crop\" style=\" width:2500; height:2500; overflow:hidden;\"><img decoding=\"async\" src=\"https:\/\/grundschule-badsoden.de\/wp-content\/uploads\/2022\/12\/theater20-250x250.jpg\" class=\"ggImg\" alt=\"theater20\" title=\"&quot;Kleine, wei\u00dfe Friedenstaube&quot;\" data-description=\"&quot;Kleine, wei\u00dfe Friedenstaube&quot;\" data-caption=\"&quot;Kleine, wei\u00dfe Friedenstaube&quot;\" data-title=\"theater20\" style=\" width:250px; height:250px;\" \/><\/div><FIGCAPTION class=\"\" data-alpha=\"5\" style=\"color:#ffffff; background-color:#6f0000; font-size:140; text-align:left; font-family:Default;\" ><div class=\"grid-gallery-figcaption-wrap\" style=\"\"><\/div><\/FIGCAPTION><\/FIGURE> <div class=\"grid-gallery-clearfix\"><\/div> <\/div> <div class=\"gallery-sharing-bottom\" style=\"display:none;\"> <\/div> <div class=\"gallery-sharing-image\" style=\"display:none;\"> <\/div> <div class=\"gallery-sharing-popup\" style=\"display:none;\"> <\/div> <div class=\"grid-gallery-clearfix\"><\/div> <\/div> <!-- Gallery by Supsystic plugin1.16.0 --><a title=\"WordPress Photo Gallery Plugin\" style=\"display:none;\" href=\"https:\/\/supsystic.com\/plugins\/photo-gallery\/?utm_medium=love_link\" target=\"_blank\">WordPress Photo Gallery Plugin<\/a>\n","protected":false},"excerpt":{"rendered":"<p>Die Er\u00f6ffnung des Adventsbasares durch Frau Sch\u00e4fer fand auf dem Schulhof statt, anschlie\u00dfend sangen die Jahrg\u00e4nge 1 und 2 Weihnachtslieder: &#8222;In der Weihnachtsb\u00e4ckerei&#8220; und &#8222;Wei\u00dftde, was die Fr\u00f6sche am Weihnachtsabend [&hellip;]<\/p>\n","protected":false},"author":1,"featured_media":0,"parent":0,"menu_order":0,"comment_status":"closed","ping_status":"closed","template":"","meta":{"footnotes":""},"class_list":["post-2445","page","type-page","status-publish","hentry"],"_links":{"self":[{"href":"https:\/\/grundschule-badsoden.de\/index.php\/wp-json\/wp\/v2\/pages\/2445","targetHints":{"allow":["GET"]}}],"collection":[{"href":"https:\/\/grundschule-badsoden.de\/index.php\/wp-json\/wp\/v2\/pages"}],"about":[{"href":"https:\/\/grundschule-badsoden.de\/index.php\/wp-json\/wp\/v2\/types\/page"}],"author":[{"embeddable":true,"href":"https:\/\/grundschule-badsoden.de\/index.php\/wp-json\/wp\/v2\/users\/1"}],"replies":[{"embeddable":true,"href":"https:\/\/grundschule-badsoden.de\/index.php\/wp-json\/wp\/v2\/comments?post=2445"}],"version-history":[{"count":0,"href":"https:\/\/grundschule-badsoden.de\/index.php\/wp-json\/wp\/v2\/pages\/2445\/revisions"}],"wp:attachment":[{"href":"https:\/\/grundschule-badsoden.de\/index.php\/wp-json\/wp\/v2\/media?parent=2445"}],"curies":[{"name":"wp","href":"https:\/\/api.w.org\/{rel}","templated":true}]}}